{"id":528,"date":"2020-06-25T16:41:25","date_gmt":"2020-06-25T15:41:25","guid":{"rendered":"https:\/\/www.adrenatur.ch\/?page_id=528"},"modified":"2026-05-26T06:26:19","modified_gmt":"2026-05-26T04:26:19","slug":"sommeraktivitaten-im-wallis-schweiz","status":"publish","type":"page","link":"https:\/\/www.adrenatur.ch\/de\/activites-ete-valais-suisse\/","title":{"rendered":"Sommeraktivit\u00e4ten im Wallis, Schweiz"},"content":{"rendered":"<div class=\"wpb-content-wrapper\"><div      class=\"vc_row wpb_row section vc_row-fluid  grid_section\" style=' text-align:left;'><div class=\"section_inner clearfix\"><div class='section_inner_margin clearfix'><div class=\"wpb_column vc_column_container vc_col-sm-12\"><div class=\"vc_column-inner\"><div class=\"wpb_wrapper\"><div class=\"vc_empty_space\"  style=\"height: 25px\" >\n\t<span class=\"vc_empty_space_inner\">\n\t\t<span class=\"empty_space_image\"  ><\/span>\n\t<\/span>\n<\/div><div class='projects_holder_outer v3 portfolio_with_space portfolio_standard'>\n    \n    <div class='filter_outer'>\n        <div class='filter_holder'>\n            <ul>\n                                    <li class='filter' data-filter='all'>                        <span >Alle<\/span>\n                    <\/li>\n                \n                                                <li class='filter' data-filter='portfolio_category_6'>\n                                                        <span >Aktivit\u00e4ten in der Luft<\/span>\n                                    <\/li>\n                                                <li class='filter' data-filter='portfolio_category_7'>\n                                                        <span >Aktivit\u00e4ten im Wasser<\/span>\n                                    <\/li>\n                                                <li class='filter' data-filter='portfolio_category_5'>\n                                                        <span >Aktivit\u00e4ten auf der Erde<\/span>\n                                    <\/li>\n            \n            <\/ul>\n        <\/div>\n    <\/div>\n\n    <div class='projects_holder portfolio_main_holder clearfix v3 standard portfolio_full_image'>\n        \n        <article class='mix portfolio_category_5 default' style=''>\n    \n    \n    \n    \n            <div class=\"item_holder slow_zoom\">\n\n                <div class=\"text_holder\">\n    <div class=\"text_holder_outer\">\n        <div class=\"text_holder_inner\">\n            \n        <\/div>\n    <\/div>\n<\/div>\n    <div class=\"icons_holder\">\n        \n        \n            <\/div>\n\n                                    <a itemprop=\"url\" class=\"portfolio_link_class\" title=\"Trottinettes Monster Sierra \u00e0 Crans Montana\" href=\"https:\/\/www.adrenatur.ch\/de\/activites\/trottinettes-monster-sierra-a-crans-montana\/\"><\/a>\n                \n                <div style=\"\" class=\"portfolio_shader\"><\/div>\n                <div class=\"image_holder\">\n                    \n<span class='image'><img decoding=\"async\" width=\"1980\" height=\"1320\" src=\"https:\/\/www.adrenatur.ch\/wp-content\/uploads\/2020\/06\/trottinettes-monster-sierra-a-crans-montana-hd.jpg\" class=\"attachment-full size-full wp-post-image\" alt=\"Trottinettes Monster Sierra \u00e0 Crans Montana\" srcset=\"https:\/\/www.adrenatur.ch\/wp-content\/uploads\/2020\/06\/trottinettes-monster-sierra-a-crans-montana-hd.jpg 1980w, https:\/\/www.adrenatur.ch\/wp-content\/uploads\/2020\/06\/trottinettes-monster-sierra-a-crans-montana-hd-300x200.jpg 300w, https:\/\/www.adrenatur.ch\/wp-content\/uploads\/2020\/06\/trottinettes-monster-sierra-a-crans-montana-hd-1024x683.jpg 1024w, https:\/\/www.adrenatur.ch\/wp-content\/uploads\/2020\/06\/trottinettes-monster-sierra-a-crans-montana-hd-768x512.jpg 768w, https:\/\/www.adrenatur.ch\/wp-content\/uploads\/2020\/06\/trottinettes-monster-sierra-a-crans-montana-hd-1536x1024.jpg 1536w, https:\/\/www.adrenatur.ch\/wp-content\/uploads\/2020\/06\/trottinettes-monster-sierra-a-crans-montana-hd-700x467.jpg 700w\" sizes=\"(max-width: 1980px) 100vw, 1980px\" \/><\/span>                <\/div>\n            <\/div>\n\n                <div class='portfolio_description' data-no-auto-translation=\"\" >\n\n        \n    <h3 itemprop=\"name\" class=\"portfolio_title entry_title\"><a itemprop=\"url\" href=\"https:\/\/www.adrenatur.ch\/de\/activites\/trottinettes-monster-sierra-a-crans-montana\/\" style=\"color: #000000\" target=\"_self\"> Trottinettes Monster Sierra \u00e0 Crans Montana<\/a><\/h3>\n\n\n        \n        \n    <\/div>\n\n        \n<\/article>\n<article class='mix portfolio_category_5 default' style=''>\n    \n    \n    \n    \n            <div class=\"item_holder slow_zoom\">\n\n                <div class=\"text_holder\">\n    <div class=\"text_holder_outer\">\n        <div class=\"text_holder_inner\">\n            \n        <\/div>\n    <\/div>\n<\/div>\n    <div class=\"icons_holder\">\n        \n        \n            <\/div>\n\n                                    <a itemprop=\"url\" class=\"portfolio_link_class\" title=\"Kids Club Valais Suisse\" href=\"https:\/\/www.adrenatur.ch\/de\/activites\/kids-club-valais-suisse\/\"><\/a>\n                \n                <div style=\"\" class=\"portfolio_shader\"><\/div>\n                <div class=\"image_holder\">\n                    \n<span class='image'><img decoding=\"async\" width=\"800\" height=\"533\" src=\"https:\/\/www.adrenatur.ch\/wp-content\/uploads\/2020\/06\/kids-club-valais-suisse.jpg\" class=\"attachment-full size-full wp-post-image\" alt=\"Kids Club Valais Suisse\" srcset=\"https:\/\/www.adrenatur.ch\/wp-content\/uploads\/2020\/06\/kids-club-valais-suisse.jpg 800w, https:\/\/www.adrenatur.ch\/wp-content\/uploads\/2020\/06\/kids-club-valais-suisse-300x200.jpg 300w, https:\/\/www.adrenatur.ch\/wp-content\/uploads\/2020\/06\/kids-club-valais-suisse-768x512.jpg 768w, https:\/\/www.adrenatur.ch\/wp-content\/uploads\/2020\/06\/kids-club-valais-suisse-700x466.jpg 700w\" sizes=\"(max-width: 800px) 100vw, 800px\" \/><\/span>                <\/div>\n            <\/div>\n\n                <div class='portfolio_description' data-no-auto-translation=\"\" >\n\n        \n    <h3 itemprop=\"name\" class=\"portfolio_title entry_title\"><a itemprop=\"url\" href=\"https:\/\/www.adrenatur.ch\/de\/activites\/kids-club-valais-suisse\/\" style=\"color: #000000\" target=\"_self\"> Kids Club Valais Suisse<\/a><\/h3>\n\n\n        \n        \n    <\/div>\n\n        \n<\/article>\n<article class='mix portfolio_category_5 default' style=''>\n    \n    \n    \n    \n            <div class=\"item_holder slow_zoom\">\n\n                <div class=\"text_holder\">\n    <div class=\"text_holder_outer\">\n        <div class=\"text_holder_inner\">\n            \n        <\/div>\n    <\/div>\n<\/div>\n    <div class=\"icons_holder\">\n        \n        \n            <\/div>\n\n                                    <a itemprop=\"url\" class=\"portfolio_link_class\" title=\"Swiss Bike School Cours MTB tous niveaux\" href=\"https:\/\/www.adrenatur.ch\/de\/activites\/swiss-bike-school-cours-mtb-tous-niveaux\/\"><\/a>\n                \n                <div style=\"\" class=\"portfolio_shader\"><\/div>\n                <div class=\"image_holder\">\n                    \n<span class='image'><img decoding=\"async\" width=\"800\" height=\"533\" src=\"https:\/\/www.adrenatur.ch\/wp-content\/uploads\/2020\/06\/swiss-bike-school-valais.jpeg\" class=\"attachment-full size-full wp-post-image\" alt=\"Swiss Bike School Cours MTB tous niveaux\" srcset=\"https:\/\/www.adrenatur.ch\/wp-content\/uploads\/2020\/06\/swiss-bike-school-valais.jpeg 800w, https:\/\/www.adrenatur.ch\/wp-content\/uploads\/2020\/06\/swiss-bike-school-valais-300x200.jpeg 300w, https:\/\/www.adrenatur.ch\/wp-content\/uploads\/2020\/06\/swiss-bike-school-valais-768x512.jpeg 768w, https:\/\/www.adrenatur.ch\/wp-content\/uploads\/2020\/06\/swiss-bike-school-valais-700x466.jpeg 700w\" sizes=\"(max-width: 800px) 100vw, 800px\" \/><\/span>                <\/div>\n            <\/div>\n\n                <div class='portfolio_description' data-no-auto-translation=\"\" >\n\n        \n    <h3 itemprop=\"name\" class=\"portfolio_title entry_title\"><a itemprop=\"url\" href=\"https:\/\/www.adrenatur.ch\/de\/activites\/swiss-bike-school-cours-mtb-tous-niveaux\/\" style=\"color: #000000\" target=\"_self\"> Swiss Bike School Cours MTB tous niveaux<\/a><\/h3>\n\n\n        \n        \n    <\/div>\n\n        \n<\/article>\n<article class='mix portfolio_category_6 default' style=''>\n    \n    \n    \n    \n            <div class=\"item_holder slow_zoom\">\n\n                <div class=\"text_holder\">\n    <div class=\"text_holder_outer\">\n        <div class=\"text_holder_inner\">\n            \n        <\/div>\n    <\/div>\n<\/div>\n    <div class=\"icons_holder\">\n        \n        \n            <\/div>\n\n                                    <a itemprop=\"url\" class=\"portfolio_link_class\" title=\"Parapente Tandem Crans Montana Valais\" href=\"https:\/\/www.adrenatur.ch\/de\/activites\/parapente-tandem-crans-montana-valais\/\"><\/a>\n                \n                <div style=\"\" class=\"portfolio_shader\"><\/div>\n                <div class=\"image_holder\">\n                    \n<span class='image'><img decoding=\"async\" width=\"1980\" height=\"1320\" src=\"https:\/\/www.adrenatur.ch\/wp-content\/uploads\/2020\/06\/parapente-tandem-crans-montana-valais-hd.jpg\" class=\"attachment-full size-full wp-post-image\" alt=\"Parapente Tandem Crans Montana Valais\" srcset=\"https:\/\/www.adrenatur.ch\/wp-content\/uploads\/2020\/06\/parapente-tandem-crans-montana-valais-hd.jpg 1980w, https:\/\/www.adrenatur.ch\/wp-content\/uploads\/2020\/06\/parapente-tandem-crans-montana-valais-hd-300x200.jpg 300w, https:\/\/www.adrenatur.ch\/wp-content\/uploads\/2020\/06\/parapente-tandem-crans-montana-valais-hd-1024x683.jpg 1024w, https:\/\/www.adrenatur.ch\/wp-content\/uploads\/2020\/06\/parapente-tandem-crans-montana-valais-hd-768x512.jpg 768w, https:\/\/www.adrenatur.ch\/wp-content\/uploads\/2020\/06\/parapente-tandem-crans-montana-valais-hd-1536x1024.jpg 1536w, https:\/\/www.adrenatur.ch\/wp-content\/uploads\/2020\/06\/parapente-tandem-crans-montana-valais-hd-700x467.jpg 700w\" sizes=\"(max-width: 1980px) 100vw, 1980px\" \/><\/span>                <\/div>\n            <\/div>\n\n                <div class='portfolio_description' data-no-auto-translation=\"\" >\n\n        \n    <h3 itemprop=\"name\" class=\"portfolio_title entry_title\"><a itemprop=\"url\" href=\"https:\/\/www.adrenatur.ch\/de\/activites\/parapente-tandem-crans-montana-valais\/\" style=\"color: #000000\" target=\"_self\"> Parapente Tandem Crans Montana Valais<\/a><\/h3>\n\n\n        \n        \n    <\/div>\n\n        \n<\/article>\n<article class='mix portfolio_category_5 default' style=''>\n    \n    \n    \n    \n            <div class=\"item_holder slow_zoom\">\n\n                <div class=\"text_holder\">\n    <div class=\"text_holder_outer\">\n        <div class=\"text_holder_inner\">\n            \n        <\/div>\n    <\/div>\n<\/div>\n    <div class=\"icons_holder\">\n        \n        \n            <\/div>\n\n                                    <a itemprop=\"url\" class=\"portfolio_link_class\" title=\"Rando Aventure en Valais\" href=\"https:\/\/www.adrenatur.ch\/de\/activites\/rando-aventure-en-valais\/\"><\/a>\n                \n                <div style=\"\" class=\"portfolio_shader\"><\/div>\n                <div class=\"image_holder\">\n                    \n<span class='image'><img decoding=\"async\" width=\"1980\" height=\"1320\" src=\"https:\/\/www.adrenatur.ch\/wp-content\/uploads\/2020\/06\/rando-aventure-valais-hd.jpeg\" class=\"attachment-full size-full wp-post-image\" alt=\"Abenteuerwanderung im Wallis, Schweiz\" srcset=\"https:\/\/www.adrenatur.ch\/wp-content\/uploads\/2020\/06\/rando-aventure-valais-hd.jpeg 1980w, https:\/\/www.adrenatur.ch\/wp-content\/uploads\/2020\/06\/rando-aventure-valais-hd-300x200.jpeg 300w, https:\/\/www.adrenatur.ch\/wp-content\/uploads\/2020\/06\/rando-aventure-valais-hd-1024x683.jpeg 1024w, https:\/\/www.adrenatur.ch\/wp-content\/uploads\/2020\/06\/rando-aventure-valais-hd-768x512.jpeg 768w, https:\/\/www.adrenatur.ch\/wp-content\/uploads\/2020\/06\/rando-aventure-valais-hd-1536x1024.jpeg 1536w, https:\/\/www.adrenatur.ch\/wp-content\/uploads\/2020\/06\/rando-aventure-valais-hd-700x467.jpeg 700w\" sizes=\"(max-width: 1980px) 100vw, 1980px\" \/><\/span>                <\/div>\n            <\/div>\n\n                <div class='portfolio_description' data-no-auto-translation=\"\" >\n\n        \n    <h3 itemprop=\"name\" class=\"portfolio_title entry_title\"><a itemprop=\"url\" href=\"https:\/\/www.adrenatur.ch\/de\/activites\/rando-aventure-en-valais\/\" style=\"color: #000000\" target=\"_self\"> Rando Aventure en Valais<\/a><\/h3>\n\n\n        \n        \n    <\/div>\n\n        \n<\/article>\n<article class='mix portfolio_category_7 default' style=''>\n    \n    \n    \n    \n            <div class=\"item_holder slow_zoom\">\n\n                <div class=\"text_holder\">\n    <div class=\"text_holder_outer\">\n        <div class=\"text_holder_inner\">\n            \n        <\/div>\n    <\/div>\n<\/div>\n    <div class=\"icons_holder\">\n        \n        \n            <\/div>\n\n                                    <a itemprop=\"url\" class=\"portfolio_link_class\" title=\"Descente en Rafting pr\u00e8s de Sierre\" href=\"https:\/\/www.adrenatur.ch\/de\/activites\/descente-en-rafting-pres-de-sierre\/\"><\/a>\n                \n                <div style=\"\" class=\"portfolio_shader\"><\/div>\n                <div class=\"image_holder\">\n                    \n<span class='image'><img decoding=\"async\" width=\"1971\" height=\"1626\" src=\"https:\/\/www.adrenatur.ch\/wp-content\/uploads\/2020\/06\/P6150129-scaled-e1721562606394.jpg\" class=\"attachment-full size-full wp-post-image\" alt=\"\" srcset=\"https:\/\/www.adrenatur.ch\/wp-content\/uploads\/2020\/06\/P6150129-scaled-e1721562606394.jpg 1971w, https:\/\/www.adrenatur.ch\/wp-content\/uploads\/2020\/06\/P6150129-scaled-e1721562606394-300x247.jpg 300w, https:\/\/www.adrenatur.ch\/wp-content\/uploads\/2020\/06\/P6150129-scaled-e1721562606394-1024x845.jpg 1024w, https:\/\/www.adrenatur.ch\/wp-content\/uploads\/2020\/06\/P6150129-scaled-e1721562606394-768x634.jpg 768w, https:\/\/www.adrenatur.ch\/wp-content\/uploads\/2020\/06\/P6150129-scaled-e1721562606394-1536x1267.jpg 1536w, https:\/\/www.adrenatur.ch\/wp-content\/uploads\/2020\/06\/P6150129-scaled-e1721562606394-700x577.jpg 700w\" sizes=\"(max-width: 1971px) 100vw, 1971px\" \/><\/span>                <\/div>\n            <\/div>\n\n                <div class='portfolio_description' data-no-auto-translation=\"\" >\n\n        \n    <h3 itemprop=\"name\" class=\"portfolio_title entry_title\"><a itemprop=\"url\" href=\"https:\/\/www.adrenatur.ch\/de\/activites\/descente-en-rafting-pres-de-sierre\/\" style=\"color: #000000\" target=\"_self\"> Descente en Rafting pr\u00e8s de Sierre<\/a><\/h3>\n\n\n        \n        \n    <\/div>\n\n        \n<\/article>\n<article class='mix portfolio_category_5 default' style=''>\n    \n    \n    \n    \n            <div class=\"item_holder slow_zoom\">\n\n                <div class=\"text_holder\">\n    <div class=\"text_holder_outer\">\n        <div class=\"text_holder_inner\">\n            \n        <\/div>\n    <\/div>\n<\/div>\n    <div class=\"icons_holder\">\n        \n        \n            <\/div>\n\n                                    <a itemprop=\"url\" class=\"portfolio_link_class\" title=\"Cascades Aventure\" href=\"https:\/\/www.adrenatur.ch\/de\/activites\/cascades-aventure\/\"><\/a>\n                \n                <div style=\"\" class=\"portfolio_shader\"><\/div>\n                <div class=\"image_holder\">\n                    \n<span class='image'><img decoding=\"async\" width=\"1980\" height=\"1320\" src=\"https:\/\/www.adrenatur.ch\/wp-content\/uploads\/2024\/06\/header-cascades.jpg\" class=\"attachment-full size-full wp-post-image\" alt=\"Cascades Aventure\" srcset=\"https:\/\/www.adrenatur.ch\/wp-content\/uploads\/2024\/06\/header-cascades.jpg 1980w, https:\/\/www.adrenatur.ch\/wp-content\/uploads\/2024\/06\/header-cascades-300x200.jpg 300w, https:\/\/www.adrenatur.ch\/wp-content\/uploads\/2024\/06\/header-cascades-1024x683.jpg 1024w, https:\/\/www.adrenatur.ch\/wp-content\/uploads\/2024\/06\/header-cascades-768x512.jpg 768w, https:\/\/www.adrenatur.ch\/wp-content\/uploads\/2024\/06\/header-cascades-1536x1024.jpg 1536w, https:\/\/www.adrenatur.ch\/wp-content\/uploads\/2024\/06\/header-cascades-700x467.jpg 700w\" sizes=\"(max-width: 1980px) 100vw, 1980px\" \/><\/span>                <\/div>\n            <\/div>\n\n                <div class='portfolio_description' data-no-auto-translation=\"\" >\n\n        \n    <h3 itemprop=\"name\" class=\"portfolio_title entry_title\"><a itemprop=\"url\" href=\"https:\/\/www.adrenatur.ch\/de\/activites\/cascades-aventure\/\" style=\"color: #000000\" target=\"_self\"> Cascades Aventure<\/a><\/h3>\n\n\n        \n        \n    <\/div>\n\n        \n<\/article>\n<article class='mix portfolio_category_7 default' style=''>\n    \n    \n    \n    \n            <div class=\"item_holder slow_zoom\">\n\n                <div class=\"text_holder\">\n    <div class=\"text_holder_outer\">\n        <div class=\"text_holder_inner\">\n            \n        <\/div>\n    <\/div>\n<\/div>\n    <div class=\"icons_holder\">\n        \n        \n            <\/div>\n\n                                    <a itemprop=\"url\" class=\"portfolio_link_class\" title=\"Canyoning pr\u00e8s de Sierre\" href=\"https:\/\/www.adrenatur.ch\/de\/activites\/canyoning-pres-de-sierre\/\"><\/a>\n                \n                <div style=\"\" class=\"portfolio_shader\"><\/div>\n                <div class=\"image_holder\">\n                    \n<span class='image'><img decoding=\"async\" width=\"1980\" height=\"1320\" src=\"https:\/\/www.adrenatur.ch\/wp-content\/uploads\/2025\/08\/header-canyoning.jpg\" class=\"attachment-full size-full wp-post-image\" alt=\"Canyoning pr\u00e8s de Sierre\" srcset=\"https:\/\/www.adrenatur.ch\/wp-content\/uploads\/2025\/08\/header-canyoning.jpg 1980w, https:\/\/www.adrenatur.ch\/wp-content\/uploads\/2025\/08\/header-canyoning-300x200.jpg 300w, https:\/\/www.adrenatur.ch\/wp-content\/uploads\/2025\/08\/header-canyoning-1024x683.jpg 1024w, https:\/\/www.adrenatur.ch\/wp-content\/uploads\/2025\/08\/header-canyoning-768x512.jpg 768w, https:\/\/www.adrenatur.ch\/wp-content\/uploads\/2025\/08\/header-canyoning-1536x1024.jpg 1536w, https:\/\/www.adrenatur.ch\/wp-content\/uploads\/2025\/08\/header-canyoning-700x467.jpg 700w\" sizes=\"(max-width: 1980px) 100vw, 1980px\" \/><\/span>                <\/div>\n            <\/div>\n\n                <div class='portfolio_description' data-no-auto-translation=\"\" >\n\n        \n    <h3 itemprop=\"name\" class=\"portfolio_title entry_title\"><a itemprop=\"url\" href=\"https:\/\/www.adrenatur.ch\/de\/activites\/canyoning-pres-de-sierre\/\" style=\"color: #000000\" target=\"_self\"> Canyoning pr\u00e8s de Sierre<\/a><\/h3>\n\n\n        \n        \n    <\/div>\n\n        \n<\/article>\n        <div class='filler'><\/div>\n            <div class='filler'><\/div>\n            <div class='filler'><\/div>\n        <\/div>\n\n    \n    <\/div><div class=\"vc_empty_space\"  style=\"height: 25px\" >\n\t<span class=\"vc_empty_space_inner\">\n\t\t<span class=\"empty_space_image\"  ><\/span>\n\t<\/span>\n<\/div><\/div><\/div><\/div><\/div><\/div><\/div>\n<\/div>","protected":false},"excerpt":{"rendered":"Im Wallis: Canyoning in der N\u00e4he von Sierre \u2013 Beschreibung \u2013 Fotos \u2013 Im Preis inbegriffen \u2013 Buchen Die Walliser Schluchten sind sehr sonnig. Rutschbahnen, sch\u00f6ne Spr\u00fcnge und Abseilstellen aus bis zu 40 m H\u00f6he machen sie zu abwechslungsreichen Canyons inmitten malerischer Landschaften. Canyoning in der N\u00e4he von Sierre Vom Anf\u00e4nger bis...","protected":false},"author":1,"featured_media":0,"parent":0,"menu_order":0,"comment_status":"closed","ping_status":"open","template":"full_width.php","meta":{"footnotes":""},"_links":{"self":[{"href":"https:\/\/www.adrenatur.ch\/de\/wp-json\/wp\/v2\/pages\/528"}],"collection":[{"href":"https:\/\/www.adrenatur.ch\/de\/wp-json\/wp\/v2\/pages"}],"about":[{"href":"https:\/\/www.adrenatur.ch\/de\/wp-json\/wp\/v2\/types\/page"}],"author":[{"embeddable":true,"href":"https:\/\/www.adrenatur.ch\/de\/wp-json\/wp\/v2\/users\/1"}],"replies":[{"embeddable":true,"href":"https:\/\/www.adrenatur.ch\/de\/wp-json\/wp\/v2\/comments?post=528"}],"version-history":[{"count":3,"href":"https:\/\/www.adrenatur.ch\/de\/wp-json\/wp\/v2\/pages\/528\/revisions"}],"predecessor-version":[{"id":1002,"href":"https:\/\/www.adrenatur.ch\/de\/wp-json\/wp\/v2\/pages\/528\/revisions\/1002"}],"wp:attachment":[{"href":"https:\/\/www.adrenatur.ch\/de\/wp-json\/wp\/v2\/media?parent=528"}],"curies":[{"name":"wp","href":"https:\/\/api.w.org\/{rel}","templated":true}]}}