{"id":601,"date":"2020-06-26T20:50:50","date_gmt":"2020-06-26T19:50:50","guid":{"rendered":"https:\/\/www.adrenatur.ch\/?post_type=portfolio_page&#038;p=601"},"modified":"2023-05-02T16:34:42","modified_gmt":"2023-05-02T14:34:42","slug":"kletterpark-fur-kinder-ab-4-jahren-im-wallis","status":"publish","type":"portfolio_page","link":"https:\/\/www.adrenatur.ch\/de\/activites\/accrobranche-enfants-des-4-ans-valais\/","title":{"rendered":"Kletterpark f\u00fcr Kinder ab 4 Jahren im Wallis"},"content":{"rendered":"<div class=\"wpb-content-wrapper\"><div      class=\"vc_row wpb_row section vc_row-fluid  vc_custom_1585333651294\" style=' text-align:left;'><div class=\"full_section_inner clearfix\"><div class=\"wpb_column vc_column_container vc_col-sm-12\"><div class=\"vc_column-inner\"><div class=\"wpb_wrapper\">\n\t<div class=\"wpb_text_column wpb_content_element\">\n\t\t<div class=\"wpb_wrapper\">\n\t\t\t<h2>Kletterpark f\u00fcr Kinder ab 4 Jahren im Wallis<\/h2>\n<h3>Bibi \u2013 Gelbe Strecke<\/h3>\n\n\t\t<\/div>\n\t<\/div><div class=\"vc_empty_space\"  style=\"height: 25px\" >\n\t<span class=\"vc_empty_space_inner\">\n\t\t<span class=\"empty_space_image\"  ><\/span>\n\t<\/span>\n<\/div><div class=\"qode-advanced-tabs qode-advanced-tabs qode-advanced-horizontal-tab clearfix qode-advanced-tab-without-icon qode-advanced-tabs-column-4 clearfix\">\n\t<ul class=\"qode-advanced-tabs-nav\">\n\t\t\t\t\t<li>\n\t\t\t\t<h2>\n\t\t\t\t\t<a href=\"#tab-description\">\n\t\t\t\t\t\t\n\t\t\t\t\t\t\t\t\t\t\t\t\t<span class=\"qode-advanced-tab-text-after-icon\">\n\t\t\t\t\t\t\t\tBeschreibung\t\t\t\t\t\t\t<\/span>\n\t\t\t\t\t\t\t\t\t\t\t<\/a>\n\t\t\t\t<\/h2>\n\t\t\t<\/li>\n\t\t\t\t\t<li>\n\t\t\t\t<h2>\n\t\t\t\t\t<a href=\"#tab-photos\">\n\t\t\t\t\t\t\n\t\t\t\t\t\t\t\t\t\t\t\t\t<span class=\"qode-advanced-tab-text-after-icon\">\n\t\t\t\t\t\t\t\tFotos\t\t\t\t\t\t\t<\/span>\n\t\t\t\t\t\t\t\t\t\t\t<\/a>\n\t\t\t\t<\/h2>\n\t\t\t<\/li>\n\t\t\t\t\t<li>\n\t\t\t\t<h2>\n\t\t\t\t\t<a href=\"#tab-inclus\">\n\t\t\t\t\t\t\n\t\t\t\t\t\t\t\t\t\t\t\t\t<span class=\"qode-advanced-tab-text-after-icon\">\n\t\t\t\t\t\t\t\tIm Lieferumfang enthalten\t\t\t\t\t\t\t<\/span>\n\t\t\t\t\t\t\t\t\t\t\t<\/a>\n\t\t\t\t<\/h2>\n\t\t\t<\/li>\n\t\t\t\t\t<li>\n\t\t\t\t<h2>\n\t\t\t\t\t<a href=\"#tab-reserver\">\n\t\t\t\t\t\t\n\t\t\t\t\t\t\t\t\t\t\t\t\t<span class=\"qode-advanced-tab-text-after-icon\">\n\t\t\t\t\t\t\t\tBuchen\t\t\t\t\t\t\t<\/span>\n\t\t\t\t\t\t\t\t\t\t\t<\/a>\n\t\t\t\t<\/h2>\n\t\t\t<\/li>\n\t\t\t<\/ul>\n\t<div class=\"qode-advanced-tab-container\" id=\"tab-description-876\" data-icon-pack=\"\" data-icon-html=\"\">\n\t<div class=\"wpb_text_column wpb_content_element\">\n\t\t<div class=\"wpb_wrapper\">\n\t\t\t<p><em><span style=\"text-decoration: underline;\"><strong>Kletterpark f\u00fcr Kinder ab 4 Jahren im Wallis.<\/strong><\/span><\/em> Bibi \u2013 Gelbe Strecke<\/p>\n<p>Ab dem vollendeten 4. Lebensjahr und bei ausreichender K\u00f6rpergr\u00f6\u00dfe werden der BIBI-Parcours und seine 29 Module Ihren Kleinen gro\u00dfe Freude bereiten.<\/p>\n\n\t\t<\/div>\n\t<\/div><div class=\"vc_empty_space\"  style=\"height: 25px\" >\n\t<span class=\"vc_empty_space_inner\">\n\t\t<span class=\"empty_space_image\"  ><\/span>\n\t<\/span>\n<\/div>\n\t<div class=\"wpb_text_column wpb_content_element\">\n\t\t<div class=\"wpb_wrapper\">\n\t\t\t<h3>Pauschalpreis:<\/h3>\n<p>1 Kind: 20 CHF<\/p>\n\n\t\t<\/div>\n\t<\/div><div class=\"vc_empty_space\"  style=\"height: 25px\" >\n\t<span class=\"vc_empty_space_inner\">\n\t\t<span class=\"empty_space_image\"  ><\/span>\n\t<\/span>\n<\/div>\n\t<div class=\"wpb_text_column wpb_content_element\">\n\t\t<div class=\"wpb_wrapper\">\n\t\t\t<h3>Ablauf:<\/h3>\n<p>Pro Kind ein Elternteil, der am Boden aufpasst<\/p>\n<p>H\u00f6he der Strecke in 1 m H\u00f6he \u00fcber dem Boden<\/p>\n<p><strong>Dauer: 2-Stunden-Pauschale<\/strong><\/p>\n\n\t\t<\/div>\n\t<\/div><\/div><div class=\"qode-advanced-tab-container\" id=\"tab-photos-294\" data-icon-pack=\"\" data-icon-html=\"\"><div class=\"wpb_gallery wpb_content_element vc_clearfix\"><div class=\"wpb_wrapper\"><div class=\"wpb_gallery_slides wpb_flexslider flexslider_fade flexslider\" data-interval=\"3\" data-flex_fx=\"fade\"><ul class=\"slides\"><li><img decoding=\"async\" width=\"780\" height=\"380\" src=\"https:\/\/www.adrenatur.ch\/wp-content\/uploads\/2020\/06\/accrobranche-enfants-des-4-ans-valais1.jpg\" class=\"attachment-full\" alt=\"Kletterpark f\u00fcr Kinder ab 4 Jahren im Wallis\" title=\"Kletterpark f\u00fcr Kinder ab 4 Jahren im Wallis\" srcset=\"https:\/\/www.adrenatur.ch\/wp-content\/uploads\/2020\/06\/accrobranche-enfants-des-4-ans-valais1.jpg 780w, https:\/\/www.adrenatur.ch\/wp-content\/uploads\/2020\/06\/accrobranche-enfants-des-4-ans-valais1-300x146.jpg 300w, https:\/\/www.adrenatur.ch\/wp-content\/uploads\/2020\/06\/accrobranche-enfants-des-4-ans-valais1-768x374.jpg 768w, https:\/\/www.adrenatur.ch\/wp-content\/uploads\/2020\/06\/accrobranche-enfants-des-4-ans-valais1-700x341.jpg 700w\" sizes=\"(max-width: 780px) 100vw, 780px\" \/><\/li><li><img decoding=\"async\" width=\"780\" height=\"380\" src=\"https:\/\/www.adrenatur.ch\/wp-content\/uploads\/2020\/06\/accrobranche-enfants-des-4-ans-valais2.jpg\" class=\"attachment-full\" alt=\"Kletterpark f\u00fcr Kinder ab 4 Jahren im Wallis\" title=\"Kletterpark f\u00fcr Kinder ab 4 Jahren im Wallis\" srcset=\"https:\/\/www.adrenatur.ch\/wp-content\/uploads\/2020\/06\/accrobranche-enfants-des-4-ans-valais2.jpg 780w, https:\/\/www.adrenatur.ch\/wp-content\/uploads\/2020\/06\/accrobranche-enfants-des-4-ans-valais2-300x146.jpg 300w, https:\/\/www.adrenatur.ch\/wp-content\/uploads\/2020\/06\/accrobranche-enfants-des-4-ans-valais2-768x374.jpg 768w, https:\/\/www.adrenatur.ch\/wp-content\/uploads\/2020\/06\/accrobranche-enfants-des-4-ans-valais2-700x341.jpg 700w\" sizes=\"(max-width: 780px) 100vw, 780px\" \/><\/li><li><img decoding=\"async\" width=\"780\" height=\"380\" src=\"https:\/\/www.adrenatur.ch\/wp-content\/uploads\/2020\/06\/accrobranche-enfants-des-4-ans-valais3.jpg\" class=\"attachment-full\" alt=\"Kletterpark f\u00fcr Kinder ab 4 Jahren im Wallis\" title=\"Kletterpark f\u00fcr Kinder ab 4 Jahren im Wallis\" srcset=\"https:\/\/www.adrenatur.ch\/wp-content\/uploads\/2020\/06\/accrobranche-enfants-des-4-ans-valais3.jpg 780w, https:\/\/www.adrenatur.ch\/wp-content\/uploads\/2020\/06\/accrobranche-enfants-des-4-ans-valais3-300x146.jpg 300w, https:\/\/www.adrenatur.ch\/wp-content\/uploads\/2020\/06\/accrobranche-enfants-des-4-ans-valais3-768x374.jpg 768w, https:\/\/www.adrenatur.ch\/wp-content\/uploads\/2020\/06\/accrobranche-enfants-des-4-ans-valais3-700x341.jpg 700w\" sizes=\"(max-width: 780px) 100vw, 780px\" \/><\/li><\/ul><\/div><\/div><\/div><\/div><div class=\"qode-advanced-tab-container\" id=\"tab-inclus-871\" data-icon-pack=\"\" data-icon-html=\"\">\n\t<div class=\"wpb_text_column wpb_content_element\">\n\t\t<div class=\"wpb_wrapper\">\n\t\t\t<ul style=\"list-style-type: square;\">\n<li>Material<\/li>\n<\/ul>\n\n\t\t<\/div>\n\t<\/div><\/div><div class=\"qode-advanced-tab-container\" id=\"tab-reserver-508\" data-icon-pack=\"\" data-icon-html=\"\">\n\t<div class=\"wpb_text_column wpb_content_element\">\n\t\t<div class=\"wpb_wrapper\">\n\t\t\t<p style=\"text-align: center;\"><strong>Rufen Sie uns an, indem Sie auf die Schaltfl\u00e4che klicken<\/strong> <a  itemprop=\"url\" href=\"tel:+41274801010\" target=\"_blank\" data-hover-background-color=\"#dbdbdb\" data-hover-color=\"#66E432\" class=\"qbutton  medium center default\" style=\"background-color:#66E432;\">+41274801010<i class=\"qode_icon_font_awesome fa fa-phone qode_button_icon_element\"><\/i><\/a><\/p>\n\n\t\t<\/div>\n\t<\/div><\/div><\/div><div class=\"vc_empty_space\"  style=\"height: 25px\" >\n\t<span class=\"vc_empty_space_inner\">\n\t\t<span class=\"empty_space_image\"  ><\/span>\n\t<\/span>\n<\/div>\n\t<div class=\"wpb_text_column wpb_content_element\">\n\t\t<div class=\"wpb_wrapper\">\n\t\t\t<h3>Kletterpark f\u00fcr Kinder ab 4 Jahren im Wallis<\/h3>\n\n\t\t<\/div>\n\t<\/div><\/div><\/div><\/div><\/div><\/div>\n<\/div>","protected":false},"excerpt":{"rendered":"Kletterpark f\u00fcr Kinder ab 4 Jahren im Wallis \u2013 Bibi \u2013 Gelber Parcours Beschreibung Fotos Im Preis inbegriffen Buchen Kletterpark f\u00fcr Kinder ab 4 Jahren im Wallis. Bibi \u2013 Gelber Parcours Ab dem vollendeten 4. Lebensjahr und bei ausreichender K\u00f6rpergr\u00f6\u00dfe werden der BIBI-Parcours und seine 29 Module Ihren Kleinen gro\u00dfe Freude bereiten....","protected":false},"author":1,"featured_media":606,"menu_order":0,"comment_status":"closed","ping_status":"closed","template":"","portfolio_category":[8],"portfolio_tag":[],"_links":{"self":[{"href":"https:\/\/www.adrenatur.ch\/de\/wp-json\/wp\/v2\/portfolio_page\/601"}],"collection":[{"href":"https:\/\/www.adrenatur.ch\/de\/wp-json\/wp\/v2\/portfolio_page"}],"about":[{"href":"https:\/\/www.adrenatur.ch\/de\/wp-json\/wp\/v2\/types\/portfolio_page"}],"author":[{"embeddable":true,"href":"https:\/\/www.adrenatur.ch\/de\/wp-json\/wp\/v2\/users\/1"}],"replies":[{"embeddable":true,"href":"https:\/\/www.adrenatur.ch\/de\/wp-json\/wp\/v2\/comments?post=601"}],"wp:featuredmedia":[{"embeddable":true,"href":"https:\/\/www.adrenatur.ch\/de\/wp-json\/wp\/v2\/media\/606"}],"wp:attachment":[{"href":"https:\/\/www.adrenatur.ch\/de\/wp-json\/wp\/v2\/media?parent=601"}],"wp:term":[{"taxonomy":"portfolio_category","embeddable":true,"href":"https:\/\/www.adrenatur.ch\/de\/wp-json\/wp\/v2\/portfolio_category?post=601"},{"taxonomy":"portfolio_tag","embeddable":true,"href":"https:\/\/www.adrenatur.ch\/de\/wp-json\/wp\/v2\/portfolio_tag?post=601"}],"curies":[{"name":"wp","href":"https:\/\/api.w.org\/{rel}","templated":true}]}}