{"id":616,"date":"2020-06-27T00:23:41","date_gmt":"2020-06-26T23:23:41","guid":{"rendered":"https:\/\/www.adrenatur.ch\/?post_type=portfolio_page&#038;p=616"},"modified":"2023-05-02T16:51:50","modified_gmt":"2023-05-02T14:51:50","slug":"kletterpark-fur-kinder-ab-8-jahren-im-wallis","status":"publish","type":"portfolio_page","link":"https:\/\/www.adrenatur.ch\/de\/activites\/accrobranche-enfants-des-8-ans-valais\/","title":{"rendered":"Kletterpark f\u00fcr Kinder ab 8 Jahren im Wallis"},"content":{"rendered":"<div class=\"wpb-content-wrapper\"><div      class=\"vc_row wpb_row section vc_row-fluid  vc_custom_1585333651294\" style=' text-align:left;'><div class=\" full_section_inner clearfix\"><div class=\"wpb_column vc_column_container vc_col-sm-12\"><div class=\"vc_column-inner\"><div class=\"wpb_wrapper\">\n\t<div class=\"wpb_text_column wpb_content_element \">\n\t\t<div class=\"wpb_wrapper\">\n\t\t\t<h2>Accrobranche enfants d\u00e8s 8 ans Valais<\/h2>\n<h3>Parcours Vert (4,5 m) et\u00a0 Bleu (7m)<\/h3>\n\n\t\t<\/div>\n\t<\/div><div class=\"qode-advanced-tabs qode-advanced-tabs qode-advanced-horizontal-tab clearfix qode-advanced-tab-without-icon qode-advanced-tabs-column-4 clearfix\">\n\t<ul class=\"qode-advanced-tabs-nav\">\n\t\t\t\t\t<li>\n\t\t\t\t<h2>\n\t\t\t\t\t<a href=\"#tab-description\">\n\t\t\t\t\t\t\n\t\t\t\t\t\t\t\t\t\t\t\t\t<span class=\"qode-advanced-tab-text-after-icon\">\n\t\t\t\t\t\t\t\tDescription\t\t\t\t\t\t\t<\/span>\n\t\t\t\t\t\t\t\t\t\t\t<\/a>\n\t\t\t\t<\/h2>\n\t\t\t<\/li>\n\t\t\t\t\t<li>\n\t\t\t\t<h2>\n\t\t\t\t\t<a href=\"#tab-photos\">\n\t\t\t\t\t\t\n\t\t\t\t\t\t\t\t\t\t\t\t\t<span class=\"qode-advanced-tab-text-after-icon\">\n\t\t\t\t\t\t\t\tPhotos\t\t\t\t\t\t\t<\/span>\n\t\t\t\t\t\t\t\t\t\t\t<\/a>\n\t\t\t\t<\/h2>\n\t\t\t<\/li>\n\t\t\t\t\t<li>\n\t\t\t\t<h2>\n\t\t\t\t\t<a href=\"#tab-inclus\">\n\t\t\t\t\t\t\n\t\t\t\t\t\t\t\t\t\t\t\t\t<span class=\"qode-advanced-tab-text-after-icon\">\n\t\t\t\t\t\t\t\tInclus\t\t\t\t\t\t\t<\/span>\n\t\t\t\t\t\t\t\t\t\t\t<\/a>\n\t\t\t\t<\/h2>\n\t\t\t<\/li>\n\t\t\t\t\t<li>\n\t\t\t\t<h2>\n\t\t\t\t\t<a href=\"#tab-reserver\">\n\t\t\t\t\t\t\n\t\t\t\t\t\t\t\t\t\t\t\t\t<span class=\"qode-advanced-tab-text-after-icon\">\n\t\t\t\t\t\t\t\tR\u00e9server\t\t\t\t\t\t\t<\/span>\n\t\t\t\t\t\t\t\t\t\t\t<\/a>\n\t\t\t\t<\/h2>\n\t\t\t<\/li>\n\t\t\t<\/ul>\n\t<div class=\"qode-advanced-tab-container\" id=\"tab-description-518\" data-icon-pack=\"\" data-icon-html=\"\">\n\t<div class=\"wpb_text_column wpb_content_element \">\n\t\t<div class=\"wpb_wrapper\">\n\t\t\t<p><em><span style=\"text-decoration: underline;\"><strong>Accrobranche enfants d\u00e8s 8 ans Valais.<\/strong><\/span><\/em> Parcours Vert-Bleu<\/p>\n<p>D\u00e8s 8 ans (grandeur de 145 cm min.Pieds au sol et Bras tendus) et accompagn\u00e9 d&rsquo;un adulte, tu pourras t\u2019essayer sur le parcours Bleu et ses postes aventureux \u00e0 7 m de haut.<\/p>\n<p>D\u00e8s 9 ans avec surveillance d&rsquo;un parent au sol<\/p>\n<p><strong>Hauteur des parcours: Vert 4,5 m &#8211;\u00a0 Bleu 7 m<\/strong><\/p>\n\n\t\t<\/div>\n\t<\/div><div class=\"vc_empty_space\"  style=\"height: 25px\" >\n\t<span class=\"vc_empty_space_inner\">\n\t\t<span class=\"empty_space_image\"  ><\/span>\n\t<\/span>\n<\/div>\n\t<div class=\"wpb_text_column wpb_content_element \">\n\t\t<div class=\"wpb_wrapper\">\n\t\t\t<h3>Forfait:<\/h3>\n<p><b>1 Tour de 1 heure<\/b><\/p>\n<p>1 entr\u00e9e: 25 CHF<\/p>\n<p><b>Forfait 3h<\/b><\/p>\n<p>1 entr\u00e9e: 40 CHF (accompagnement adulte conseill\u00e9 pour les enfants de 8 ans)<\/p>\n<p>Forfait famille (min 3 pers.) 35 CHF p.p.<\/p>\n\n\t\t<\/div>\n\t<\/div><div class=\"vc_empty_space\"  style=\"height: 25px\" >\n\t<span class=\"vc_empty_space_inner\">\n\t\t<span class=\"empty_space_image\"  ><\/span>\n\t<\/span>\n<\/div>\n\t<div class=\"wpb_text_column wpb_content_element \">\n\t\t<div class=\"wpb_wrapper\">\n\t\t\t<h3>D\u00e9roulement:<\/h3>\n<p>Grandeur min. 145 cm (= Pieds au sol et Bras tendus)<\/p>\n<p><strong>Dur\u00e9e: de 1h \u00e0 3h<\/strong><\/p>\n\n\t\t<\/div>\n\t<\/div><\/div><div class=\"qode-advanced-tab-container\" id=\"tab-photos-805\" data-icon-pack=\"\" data-icon-html=\"\"><div class=\"wpb_gallery wpb_content_element vc_clearfix\"><div class=\"wpb_wrapper\"><div class=\"wpb_gallery_slides wpb_flexslider flexslider_fade flexslider\" data-interval=\"3\" data-flex_fx=\"fade\"><ul class=\"slides\"><li><a itemprop=\"image\" class=\"qode-prettyphoto\" href=\"https:\/\/www.adrenatur.ch\/wp-content\/uploads\/2020\/06\/accrobranche-enfants-des-8-ans-valais2-1024x500.jpg\" data-rel=\"prettyPhoto[rel-616-3100707465]\"><img decoding=\"async\" width=\"1045\" height=\"510\" src=\"https:\/\/www.adrenatur.ch\/wp-content\/uploads\/2020\/06\/accrobranche-enfants-des-8-ans-valais2.jpg\" class=\"attachment-full\" alt=\"Accrobranche enfants d\u00e8s 8 ans Valais\" title=\"Accrobranche enfants d\u00e8s 8 ans Valais\" srcset=\"https:\/\/www.adrenatur.ch\/wp-content\/uploads\/2020\/06\/accrobranche-enfants-des-8-ans-valais2.jpg 1045w, https:\/\/www.adrenatur.ch\/wp-content\/uploads\/2020\/06\/accrobranche-enfants-des-8-ans-valais2-300x146.jpg 300w, https:\/\/www.adrenatur.ch\/wp-content\/uploads\/2020\/06\/accrobranche-enfants-des-8-ans-valais2-1024x500.jpg 1024w, https:\/\/www.adrenatur.ch\/wp-content\/uploads\/2020\/06\/accrobranche-enfants-des-8-ans-valais2-768x375.jpg 768w, https:\/\/www.adrenatur.ch\/wp-content\/uploads\/2020\/06\/accrobranche-enfants-des-8-ans-valais2-700x342.jpg 700w\" sizes=\"(max-width: 1045px) 100vw, 1045px\" \/><\/a><\/li><li><a itemprop=\"image\" class=\"qode-prettyphoto\" href=\"https:\/\/www.adrenatur.ch\/wp-content\/uploads\/2020\/06\/accrobranche-enfants-des-8-ans-valais1-1024x500.jpg\" data-rel=\"prettyPhoto[rel-616-3100707465]\"><img decoding=\"async\" width=\"1045\" height=\"510\" src=\"https:\/\/www.adrenatur.ch\/wp-content\/uploads\/2020\/06\/accrobranche-enfants-des-8-ans-valais1.jpg\" class=\"attachment-full\" alt=\"Accrobranche enfants d\u00e8s 8 ans Valais\" title=\"Accrobranche enfants d\u00e8s 8 ans Valais\" srcset=\"https:\/\/www.adrenatur.ch\/wp-content\/uploads\/2020\/06\/accrobranche-enfants-des-8-ans-valais1.jpg 1045w, https:\/\/www.adrenatur.ch\/wp-content\/uploads\/2020\/06\/accrobranche-enfants-des-8-ans-valais1-300x146.jpg 300w, https:\/\/www.adrenatur.ch\/wp-content\/uploads\/2020\/06\/accrobranche-enfants-des-8-ans-valais1-1024x500.jpg 1024w, https:\/\/www.adrenatur.ch\/wp-content\/uploads\/2020\/06\/accrobranche-enfants-des-8-ans-valais1-768x375.jpg 768w, https:\/\/www.adrenatur.ch\/wp-content\/uploads\/2020\/06\/accrobranche-enfants-des-8-ans-valais1-700x342.jpg 700w\" sizes=\"(max-width: 1045px) 100vw, 1045px\" \/><\/a><\/li><li><a itemprop=\"image\" class=\"qode-prettyphoto\" href=\"https:\/\/www.adrenatur.ch\/wp-content\/uploads\/2020\/06\/accrobranche-enfants-des-8-ans-valais3-1024x500.jpg\" data-rel=\"prettyPhoto[rel-616-3100707465]\"><img decoding=\"async\" width=\"1045\" height=\"510\" src=\"https:\/\/www.adrenatur.ch\/wp-content\/uploads\/2020\/06\/accrobranche-enfants-des-8-ans-valais3.jpg\" class=\"attachment-full\" alt=\"Accrobranche enfants d\u00e8s 8 ans Valais\" title=\"Accrobranche enfants d\u00e8s 8 ans Valais\" srcset=\"https:\/\/www.adrenatur.ch\/wp-content\/uploads\/2020\/06\/accrobranche-enfants-des-8-ans-valais3.jpg 1045w, https:\/\/www.adrenatur.ch\/wp-content\/uploads\/2020\/06\/accrobranche-enfants-des-8-ans-valais3-300x146.jpg 300w, https:\/\/www.adrenatur.ch\/wp-content\/uploads\/2020\/06\/accrobranche-enfants-des-8-ans-valais3-1024x500.jpg 1024w, https:\/\/www.adrenatur.ch\/wp-content\/uploads\/2020\/06\/accrobranche-enfants-des-8-ans-valais3-768x375.jpg 768w, https:\/\/www.adrenatur.ch\/wp-content\/uploads\/2020\/06\/accrobranche-enfants-des-8-ans-valais3-700x342.jpg 700w\" sizes=\"(max-width: 1045px) 100vw, 1045px\" \/><\/a><\/li><\/ul><\/div><\/div><\/div><\/div><div class=\"qode-advanced-tab-container\" id=\"tab-inclus-222\" data-icon-pack=\"\" data-icon-html=\"\">\n\t<div class=\"wpb_text_column wpb_content_element \">\n\t\t<div class=\"wpb_wrapper\">\n\t\t\t<ul style=\"list-style-type: square;\">\n<li>Mat\u00e9riel<\/li>\n<\/ul>\n\n\t\t<\/div>\n\t<\/div><\/div><div class=\"qode-advanced-tab-container\" id=\"tab-reserver-162\" data-icon-pack=\"\" data-icon-html=\"\">\n\t<div class=\"wpb_text_column wpb_content_element \">\n\t\t<div class=\"wpb_wrapper\">\n\t\t\t<p style=\"text-align: center;\"><strong>Nous appeler en cliquant sur le bouton<\/strong> <a  itemprop=\"url\" href=\"tel:+41274801010\" target=\"_blank\" data-hover-background-color=\"#dbdbdb\" data-hover-color=\"#66E432\" class=\"qbutton  medium center default\" style=\"background-color:#66E432;\">+41274801010<i class=\"qode_icon_font_awesome fa fa-phone qode_button_icon_element\"><\/i><\/a><\/p>\n\n\t\t<\/div>\n\t<\/div><\/div><\/div><div class=\"vc_empty_space\"  style=\"height: 25px\" >\n\t<span class=\"vc_empty_space_inner\">\n\t\t<span class=\"empty_space_image\"  ><\/span>\n\t<\/span>\n<\/div>\n\t<div class=\"wpb_text_column wpb_content_element \">\n\t\t<div class=\"wpb_wrapper\">\n\t\t\t<h3>Accrobranche enfants d\u00e8s 8 ans Valais<\/h3>\n\n\t\t<\/div>\n\t<\/div><\/div><\/div><\/div><\/div><\/div>\n<\/div>","protected":false},"excerpt":{"rendered":"Kletterpark f\u00fcr Kinder ab 8 Jahren im Wallis \u2013 Gr\u00fcner Parcours (4,5 m) und Blauer Parcours (7 m) \u2013 Beschreibung \u2013 Fotos \u2013 Im Preis inbegriffen \u2013 Buchen \u2013 Kletterpark f\u00fcr Kinder ab 8 Jahren im Wallis. Gr\u00fcn-Blauer Parcours Ab 8 Jahren (Mindestgr\u00f6\u00dfe 145 cm, F\u00fc\u00dfe auf dem Boden und Arme ausgestreckt) und in Begleitung eines Erwachsenen kannst du dich versuchen...","protected":false},"author":1,"featured_media":617,"menu_order":0,"comment_status":"closed","ping_status":"closed","template":"","portfolio_category":[8],"portfolio_tag":[],"_links":{"self":[{"href":"https:\/\/www.adrenatur.ch\/de\/wp-json\/wp\/v2\/portfolio_page\/616"}],"collection":[{"href":"https:\/\/www.adrenatur.ch\/de\/wp-json\/wp\/v2\/portfolio_page"}],"about":[{"href":"https:\/\/www.adrenatur.ch\/de\/wp-json\/wp\/v2\/types\/portfolio_page"}],"author":[{"embeddable":true,"href":"https:\/\/www.adrenatur.ch\/de\/wp-json\/wp\/v2\/users\/1"}],"replies":[{"embeddable":true,"href":"https:\/\/www.adrenatur.ch\/de\/wp-json\/wp\/v2\/comments?post=616"}],"wp:featuredmedia":[{"embeddable":true,"href":"https:\/\/www.adrenatur.ch\/de\/wp-json\/wp\/v2\/media\/617"}],"wp:attachment":[{"href":"https:\/\/www.adrenatur.ch\/de\/wp-json\/wp\/v2\/media?parent=616"}],"wp:term":[{"taxonomy":"portfolio_category","embeddable":true,"href":"https:\/\/www.adrenatur.ch\/de\/wp-json\/wp\/v2\/portfolio_category?post=616"},{"taxonomy":"portfolio_tag","embeddable":true,"href":"https:\/\/www.adrenatur.ch\/de\/wp-json\/wp\/v2\/portfolio_tag?post=616"}],"curies":[{"name":"wp","href":"https:\/\/api.w.org\/{rel}","templated":true}]}}