{"id":495,"date":"2020-06-23T03:13:46","date_gmt":"2020-06-23T02:13:46","guid":{"rendered":"https:\/\/www.adrenatur.ch\/?page_id=495"},"modified":"2020-06-23T18:26:42","modified_gmt":"2020-06-23T17:26:42","slug":"winter-activities-valais-switzerland","status":"publish","type":"page","link":"https:\/\/www.adrenatur.ch\/en\/activites-dhiver-valais-suisse\/","title":{"rendered":"Winter Activities Valais Switzerland"},"content":{"rendered":"<div class=\"wpb-content-wrapper\"><div      class=\"vc_row wpb_row section vc_row-fluid  grid_section\" style=' text-align:left;'><div class=\"section_inner clearfix\"><div class='section_inner_margin clearfix'><div class=\"wpb_column vc_column_container vc_col-sm-12\"><div class=\"vc_column-inner\"><div class=\"wpb_wrapper\"><div class=\"vc_empty_space\"  style=\"height: 25px\" >\n\t<span class=\"vc_empty_space_inner\">\n\t\t<span class=\"empty_space_image\"  ><\/span>\n\t<\/span>\n<\/div><div class='projects_holder_outer v3 portfolio_with_space portfolio_standard'>\n        <div class='projects_holder portfolio_main_holder clearfix v3 standard portfolio_full_image'>\n        \n        <article class='mix portfolio_category_3 default' style=''>\n    \n    \n    \n    \n            <div class=\"item_holder slow_zoom\">\n\n                <div class=\"text_holder\">\n    <div class=\"text_holder_outer\">\n        <div class=\"text_holder_inner\">\n            \n        <\/div>\n    <\/div>\n<\/div>\n    <div class=\"icons_holder\">\n        \n        \n            <\/div>\n\n                                    <a itemprop=\"url\" class=\"portfolio_link_class\" title=\"Ballade en Raquettes D\u00eener Luge\" href=\"https:\/\/www.adrenatur.ch\/en\/activites\/ballade-en-raquettes-diner-luge\/\"><\/a>\n                \n                <div style=\"\" class=\"portfolio_shader\"><\/div>\n                <div class=\"image_holder\">\n                    \n<span class='image'><img decoding=\"async\" width=\"1980\" height=\"1320\" src=\"https:\/\/www.adrenatur.ch\/wp-content\/uploads\/2020\/03\/adrenatur-outdoor-valais-suisse.jpg\" class=\"attachment-full size-full wp-post-image\" alt=\"Ballade en Raquettes D\u00eener Luge\" srcset=\"https:\/\/www.adrenatur.ch\/wp-content\/uploads\/2020\/03\/adrenatur-outdoor-valais-suisse.jpg 1980w, https:\/\/www.adrenatur.ch\/wp-content\/uploads\/2020\/03\/adrenatur-outdoor-valais-suisse-300x200.jpg 300w, https:\/\/www.adrenatur.ch\/wp-content\/uploads\/2020\/03\/adrenatur-outdoor-valais-suisse-1024x683.jpg 1024w, https:\/\/www.adrenatur.ch\/wp-content\/uploads\/2020\/03\/adrenatur-outdoor-valais-suisse-768x512.jpg 768w, https:\/\/www.adrenatur.ch\/wp-content\/uploads\/2020\/03\/adrenatur-outdoor-valais-suisse-1536x1024.jpg 1536w, https:\/\/www.adrenatur.ch\/wp-content\/uploads\/2020\/03\/adrenatur-outdoor-valais-suisse-700x467.jpg 700w\" sizes=\"(max-width: 1980px) 100vw, 1980px\" \/><\/span>                <\/div>\n            <\/div>\n\n                <div class='portfolio_description' data-no-auto-translation=\"\" >\n\n        \n    <h3 itemprop=\"name\" class=\"portfolio_title entry_title\"><a itemprop=\"url\" href=\"https:\/\/www.adrenatur.ch\/en\/activites\/ballade-en-raquettes-diner-luge\/\"  target=\"_self\"> Ballade en Raquettes D\u00eener Luge<\/a><\/h3>\n\n\n        \n        \n    <\/div>\n\n        \n<\/article>\n<article class='mix portfolio_category_3 default' style=''>\n    \n    \n    \n    \n            <div class=\"item_holder slow_zoom\">\n\n                <div class=\"text_holder\">\n    <div class=\"text_holder_outer\">\n        <div class=\"text_holder_inner\">\n            \n        <\/div>\n    <\/div>\n<\/div>\n    <div class=\"icons_holder\">\n        \n        \n            <\/div>\n\n                                    <a itemprop=\"url\" class=\"portfolio_link_class\" title=\"Yeti Safari Tour Crans Montana\" href=\"https:\/\/www.adrenatur.ch\/en\/activites\/yeti-safari-tour-crans-montana\/\"><\/a>\n                \n                <div style=\"\" class=\"portfolio_shader\"><\/div>\n                <div class=\"image_holder\">\n                    \n<span class='image'><img decoding=\"async\" width=\"800\" height=\"533\" src=\"https:\/\/www.adrenatur.ch\/wp-content\/uploads\/2020\/06\/yeti-safari-tour-crans-montanahd.jpeg\" class=\"attachment-full size-full wp-post-image\" alt=\"Yeti Safari Tour Crans Montana\" srcset=\"https:\/\/www.adrenatur.ch\/wp-content\/uploads\/2020\/06\/yeti-safari-tour-crans-montanahd.jpeg 800w, https:\/\/www.adrenatur.ch\/wp-content\/uploads\/2020\/06\/yeti-safari-tour-crans-montanahd-300x200.jpeg 300w, https:\/\/www.adrenatur.ch\/wp-content\/uploads\/2020\/06\/yeti-safari-tour-crans-montanahd-768x512.jpeg 768w, https:\/\/www.adrenatur.ch\/wp-content\/uploads\/2020\/06\/yeti-safari-tour-crans-montanahd-700x466.jpeg 700w\" sizes=\"(max-width: 800px) 100vw, 800px\" \/><\/span>                <\/div>\n            <\/div>\n\n                <div class='portfolio_description' data-no-auto-translation=\"\" >\n\n        \n    <h3 itemprop=\"name\" class=\"portfolio_title entry_title\"><a itemprop=\"url\" href=\"https:\/\/www.adrenatur.ch\/en\/activites\/yeti-safari-tour-crans-montana\/\"  target=\"_self\"> Yeti Safari Tour Crans Montana<\/a><\/h3>\n\n\n        \n        \n    <\/div>\n\n        \n<\/article>\n<article class='mix portfolio_category_3 default' style=''>\n    \n    \n    \n    \n            <div class=\"item_holder slow_zoom\">\n\n                <div class=\"text_holder\">\n    <div class=\"text_holder_outer\">\n        <div class=\"text_holder_inner\">\n            \n        <\/div>\n    <\/div>\n<\/div>\n    <div class=\"icons_holder\">\n        \n        \n            <\/div>\n\n                                    <a itemprop=\"url\" class=\"portfolio_link_class\" title=\"Balade en raquettes: chasse au Dahu\" href=\"https:\/\/www.adrenatur.ch\/en\/activites\/balade-en-raquettes-chasse-au-dahu\/\"><\/a>\n                \n                <div style=\"\" class=\"portfolio_shader\"><\/div>\n                <div class=\"image_holder\">\n                    \n<span class='image'><img decoding=\"async\" width=\"800\" height=\"533\" src=\"https:\/\/www.adrenatur.ch\/wp-content\/uploads\/2020\/06\/balade-en-raquettes-chasse-au-dahu.jpeg\" class=\"attachment-full size-full wp-post-image\" alt=\"Balade en raquettes: chasse au Dahu\" srcset=\"https:\/\/www.adrenatur.ch\/wp-content\/uploads\/2020\/06\/balade-en-raquettes-chasse-au-dahu.jpeg 800w, https:\/\/www.adrenatur.ch\/wp-content\/uploads\/2020\/06\/balade-en-raquettes-chasse-au-dahu-300x200.jpeg 300w, https:\/\/www.adrenatur.ch\/wp-content\/uploads\/2020\/06\/balade-en-raquettes-chasse-au-dahu-768x512.jpeg 768w, https:\/\/www.adrenatur.ch\/wp-content\/uploads\/2020\/06\/balade-en-raquettes-chasse-au-dahu-700x466.jpeg 700w\" sizes=\"(max-width: 800px) 100vw, 800px\" \/><\/span>                <\/div>\n            <\/div>\n\n                <div class='portfolio_description' data-no-auto-translation=\"\" >\n\n        \n    <h3 itemprop=\"name\" class=\"portfolio_title entry_title\"><a itemprop=\"url\" href=\"https:\/\/www.adrenatur.ch\/en\/activites\/balade-en-raquettes-chasse-au-dahu\/\"  target=\"_self\"> Balade en raquettes: chasse au Dahu<\/a><\/h3>\n\n\n        \n        \n    <\/div>\n\n        \n<\/article>\n<article class='mix portfolio_category_3 default' style=''>\n    \n    \n    \n    \n            <div class=\"item_holder slow_zoom\">\n\n                <div class=\"text_holder\">\n    <div class=\"text_holder_outer\">\n        <div class=\"text_holder_inner\">\n            \n        <\/div>\n    <\/div>\n<\/div>\n    <div class=\"icons_holder\">\n        \n        \n            <\/div>\n\n                                    <a itemprop=\"url\" class=\"portfolio_link_class\" title=\"H\u00e9liski en Valais ou vol en h\u00e9licopt\u00e8re sur les Alpes\" href=\"https:\/\/www.adrenatur.ch\/en\/activites\/safari-ski-en-helicoptere-valais\/\"><\/a>\n                \n                <div style=\"\" class=\"portfolio_shader\"><\/div>\n                <div class=\"image_holder\">\n                    \n<span class='image'><img decoding=\"async\" width=\"1980\" height=\"1320\" src=\"https:\/\/www.adrenatur.ch\/wp-content\/uploads\/2020\/06\/safari-ski-en-helicoptere-valais-hd.jpg\" class=\"attachment-full size-full wp-post-image\" alt=\"Helicopter ski safari Valais\" srcset=\"https:\/\/www.adrenatur.ch\/wp-content\/uploads\/2020\/06\/safari-ski-en-helicoptere-valais-hd.jpg 1980w, https:\/\/www.adrenatur.ch\/wp-content\/uploads\/2020\/06\/safari-ski-en-helicoptere-valais-hd-300x200.jpg 300w, https:\/\/www.adrenatur.ch\/wp-content\/uploads\/2020\/06\/safari-ski-en-helicoptere-valais-hd-1024x683.jpg 1024w, https:\/\/www.adrenatur.ch\/wp-content\/uploads\/2020\/06\/safari-ski-en-helicoptere-valais-hd-768x512.jpg 768w, https:\/\/www.adrenatur.ch\/wp-content\/uploads\/2020\/06\/safari-ski-en-helicoptere-valais-hd-1536x1024.jpg 1536w, https:\/\/www.adrenatur.ch\/wp-content\/uploads\/2020\/06\/safari-ski-en-helicoptere-valais-hd-700x467.jpg 700w\" sizes=\"(max-width: 1980px) 100vw, 1980px\" \/><\/span>                <\/div>\n            <\/div>\n\n                <div class='portfolio_description' data-no-auto-translation=\"\" >\n\n        \n    <h3 itemprop=\"name\" class=\"portfolio_title entry_title\"><a itemprop=\"url\" href=\"https:\/\/www.adrenatur.ch\/en\/activites\/safari-ski-en-helicoptere-valais\/\"  target=\"_self\"> H\u00e9liski en Valais ou vol en h\u00e9licopt\u00e8re sur les Alpes<\/a><\/h3>\n\n\n        \n        \n    <\/div>\n\n        \n<\/article>\n<article class='mix portfolio_category_3 default' style=''>\n    \n    \n    \n    \n            <div class=\"item_holder slow_zoom\">\n\n                <div class=\"text_holder\">\n    <div class=\"text_holder_outer\">\n        <div class=\"text_holder_inner\">\n            \n        <\/div>\n    <\/div>\n<\/div>\n    <div class=\"icons_holder\">\n        \n        \n            <\/div>\n\n                                    <a itemprop=\"url\" class=\"portfolio_link_class\" title=\"Team Building multi activit\u00e9s Valais\" href=\"https:\/\/www.adrenatur.ch\/en\/activites\/team-building-multi-activites-valais\/\"><\/a>\n                \n                <div style=\"\" class=\"portfolio_shader\"><\/div>\n                <div class=\"image_holder\">\n                    \n<span class='image'><img decoding=\"async\" width=\"800\" height=\"533\" src=\"https:\/\/www.adrenatur.ch\/wp-content\/uploads\/2020\/06\/team-building-multi-activites-valais.jpg\" class=\"attachment-full size-full wp-post-image\" alt=\"Team Building multi activit\u00e9s Valais\" srcset=\"https:\/\/www.adrenatur.ch\/wp-content\/uploads\/2020\/06\/team-building-multi-activites-valais.jpg 800w, https:\/\/www.adrenatur.ch\/wp-content\/uploads\/2020\/06\/team-building-multi-activites-valais-300x200.jpg 300w, https:\/\/www.adrenatur.ch\/wp-content\/uploads\/2020\/06\/team-building-multi-activites-valais-768x512.jpg 768w, https:\/\/www.adrenatur.ch\/wp-content\/uploads\/2020\/06\/team-building-multi-activites-valais-700x466.jpg 700w\" sizes=\"(max-width: 800px) 100vw, 800px\" \/><\/span>                <\/div>\n            <\/div>\n\n                <div class='portfolio_description' data-no-auto-translation=\"\" >\n\n        \n    <h3 itemprop=\"name\" class=\"portfolio_title entry_title\"><a itemprop=\"url\" href=\"https:\/\/www.adrenatur.ch\/en\/activites\/team-building-multi-activites-valais\/\"  target=\"_self\"> Team Building multi activit\u00e9s Valais<\/a><\/h3>\n\n\n        \n        \n    <\/div>\n\n        \n<\/article>\n        <div class='filler'><\/div>\n            <div class='filler'><\/div>\n            <div class='filler'><\/div>\n        <\/div>\n\n    \n    <\/div><div class=\"vc_empty_space\"  style=\"height: 25px\" >\n\t<span class=\"vc_empty_space_inner\">\n\t\t<span class=\"empty_space_image\"  ><\/span>\n\t<\/span>\n<\/div><\/div><\/div><\/div><\/div><\/div><\/div>\n<\/div>","protected":false},"excerpt":{"rendered":"Multi-activity Team Building in Valais \u2013 Description, Photos, What\u2019s Included, Book Now Our multi-activity team-building days in Valais involve organising activities for groups of between 5 and 15 people. We prefer to work with small groups so that we can offer our guests the best possible service. Multi-activities:...","protected":false},"author":1,"featured_media":0,"parent":0,"menu_order":0,"comment_status":"closed","ping_status":"open","template":"full_width.php","meta":{"footnotes":""},"_links":{"self":[{"href":"https:\/\/www.adrenatur.ch\/en\/wp-json\/wp\/v2\/pages\/495"}],"collection":[{"href":"https:\/\/www.adrenatur.ch\/en\/wp-json\/wp\/v2\/pages"}],"about":[{"href":"https:\/\/www.adrenatur.ch\/en\/wp-json\/wp\/v2\/types\/page"}],"author":[{"embeddable":true,"href":"https:\/\/www.adrenatur.ch\/en\/wp-json\/wp\/v2\/users\/1"}],"replies":[{"embeddable":true,"href":"https:\/\/www.adrenatur.ch\/en\/wp-json\/wp\/v2\/comments?post=495"}],"version-history":[{"count":0,"href":"https:\/\/www.adrenatur.ch\/en\/wp-json\/wp\/v2\/pages\/495\/revisions"}],"wp:attachment":[{"href":"https:\/\/www.adrenatur.ch\/en\/wp-json\/wp\/v2\/media?parent=495"}],"curies":[{"name":"wp","href":"https:\/\/api.w.org\/{rel}","templated":true}]}}