{"id":611,"date":"2020-06-26T21:35:24","date_gmt":"2020-06-26T20:35:24","guid":{"rendered":"https:\/\/www.adrenatur.ch\/?post_type=portfolio_page&#038;p=611"},"modified":"2023-05-02T15:19:21","modified_gmt":"2023-05-02T13:19:21","slug":"parco-avventura-per-bambini-dai-6-anni-in-vallese","status":"publish","type":"portfolio_page","link":"https:\/\/www.adrenatur.ch\/it\/activites\/accrobranche-enfants-des-6-ans-valais\/","title":{"rendered":"Percorso ad alzi per bambini a partire dai 6 anni e mezzo, Vallese"},"content":{"rendered":"<div class=\"wpb-content-wrapper\"><div      class=\"vc_row wpb_row section vc_row-fluid  vc_custom_1585333651294\" style=' text-align:left;'><div class=\" full_section_inner clearfix\"><div class=\"wpb_column vc_column_container vc_col-sm-12\"><div class=\"vc_column-inner\"><div class=\"wpb_wrapper\">\n\t<div class=\"wpb_text_column wpb_content_element \">\n\t\t<div class=\"wpb_wrapper\">\n\t\t\t<h2>Accrobranche enfants d\u00e8s 6 1\/2 ans Valais<\/h2>\n<h2>\u00a0Parcours vert &#8211; Junior<\/h2>\n\n\t\t<\/div>\n\t<\/div><div class=\"vc_empty_space\"  style=\"height: 25px\" >\n\t<span class=\"vc_empty_space_inner\">\n\t\t<span class=\"empty_space_image\"  ><\/span>\n\t<\/span>\n<\/div><div class=\"qode-advanced-tabs qode-advanced-tabs qode-advanced-horizontal-tab clearfix qode-advanced-tab-without-icon qode-advanced-tabs-column-4 clearfix\">\n\t<ul class=\"qode-advanced-tabs-nav\">\n\t\t\t\t\t<li>\n\t\t\t\t<h2>\n\t\t\t\t\t<a href=\"#tab-description\">\n\t\t\t\t\t\t\n\t\t\t\t\t\t\t\t\t\t\t\t\t<span class=\"qode-advanced-tab-text-after-icon\">\n\t\t\t\t\t\t\t\tDescription\t\t\t\t\t\t\t<\/span>\n\t\t\t\t\t\t\t\t\t\t\t<\/a>\n\t\t\t\t<\/h2>\n\t\t\t<\/li>\n\t\t\t\t\t<li>\n\t\t\t\t<h2>\n\t\t\t\t\t<a href=\"#tab-photos\">\n\t\t\t\t\t\t\n\t\t\t\t\t\t\t\t\t\t\t\t\t<span class=\"qode-advanced-tab-text-after-icon\">\n\t\t\t\t\t\t\t\tPhotos\t\t\t\t\t\t\t<\/span>\n\t\t\t\t\t\t\t\t\t\t\t<\/a>\n\t\t\t\t<\/h2>\n\t\t\t<\/li>\n\t\t\t\t\t<li>\n\t\t\t\t<h2>\n\t\t\t\t\t<a href=\"#tab-inclus\">\n\t\t\t\t\t\t\n\t\t\t\t\t\t\t\t\t\t\t\t\t<span class=\"qode-advanced-tab-text-after-icon\">\n\t\t\t\t\t\t\t\tInclus\t\t\t\t\t\t\t<\/span>\n\t\t\t\t\t\t\t\t\t\t\t<\/a>\n\t\t\t\t<\/h2>\n\t\t\t<\/li>\n\t\t\t\t\t<li>\n\t\t\t\t<h2>\n\t\t\t\t\t<a href=\"#tab-reserver\">\n\t\t\t\t\t\t\n\t\t\t\t\t\t\t\t\t\t\t\t\t<span class=\"qode-advanced-tab-text-after-icon\">\n\t\t\t\t\t\t\t\tR\u00e9server\t\t\t\t\t\t\t<\/span>\n\t\t\t\t\t\t\t\t\t\t\t<\/a>\n\t\t\t\t<\/h2>\n\t\t\t<\/li>\n\t\t\t<\/ul>\n\t<div class=\"qode-advanced-tab-container\" id=\"tab-description-26\" data-icon-pack=\"\" data-icon-html=\"\">\n\t<div class=\"wpb_text_column wpb_content_element \">\n\t\t<div class=\"wpb_wrapper\">\n\t\t\t<p><em><span style=\"text-decoration: underline;\"><strong>Accrobranche enfants d\u00e8s 6 1\/2 ans Valais.<\/strong><\/span><\/em> Junior &#8211; Parcours vert<\/p>\n<p>Si tu as minimum 6 1\/2\u00a0 ans (accompagn\u00e9 d&rsquo;un adulte) et que tu cherches l&rsquo;aventure, viens t&rsquo;essayer sur le parcours Junior.<\/p>\n<p>Notre nouveau parcours Junior 2 a \u00e9t\u00e9 con\u00e7u pour pr\u00e9parer la transition avec les parcours Bleu et rouge. Tu trouveras les sensations des grands \u00e0 ton niveau.<\/p>\n\n\t\t<\/div>\n\t<\/div><div class=\"vc_empty_space\"  style=\"height: 25px\" >\n\t<span class=\"vc_empty_space_inner\">\n\t\t<span class=\"empty_space_image\"  ><\/span>\n\t<\/span>\n<\/div>\n\t<div class=\"wpb_text_column wpb_content_element \">\n\t\t<div class=\"wpb_wrapper\">\n\t\t\t<h3>Forfait:<\/h3>\n<p><b>60 minutes<\/b><\/p>\n<p>1 enfant: 25 CHF\u00a0 \u00a0 \u00a0( 2eme parcours: 15.- )<\/p>\n\n\t\t<\/div>\n\t<\/div>\n\t<div class=\"wpb_text_column wpb_content_element \">\n\t\t<div class=\"wpb_wrapper\">\n\t\t\t<h3>D\u00e9roulement:<\/h3>\n<p>Grandeur min. 140 cm\u00a0 (Pieds au sol et Bras tendu)<\/p>\n<p>Hauteur du parcours &gt; 5m<\/p>\n<p><strong>Dur\u00e9e: Environ 1h &#8211; 1h30<\/strong><\/p>\n\n\t\t<\/div>\n\t<\/div><\/div><div class=\"qode-advanced-tab-container\" id=\"tab-photos-924\" data-icon-pack=\"\" data-icon-html=\"\"><div class=\"wpb_gallery wpb_content_element vc_clearfix\"><div class=\"wpb_wrapper\"><div class=\"wpb_gallery_slides wpb_flexslider flexslider_fade flexslider\" data-interval=\"3\" data-flex_fx=\"fade\"><ul class=\"slides\"><li><a itemprop=\"image\" class=\"qode-prettyphoto\" href=\"https:\/\/www.adrenatur.ch\/wp-content\/uploads\/2020\/06\/accrobranche-enfants-des-6-ans-valais1a-1024x500.jpeg\" data-rel=\"prettyPhoto[rel-611-4252799824]\"><img decoding=\"async\" width=\"1045\" height=\"510\" src=\"https:\/\/www.adrenatur.ch\/wp-content\/uploads\/2020\/06\/accrobranche-enfants-des-6-ans-valais1a.jpeg\" class=\"attachment-full\" alt=\"Accrobranche enfants d\u00e8s 6 ans Valais\" title=\"Accrobranche enfants d\u00e8s 6 ans Valais\" srcset=\"https:\/\/www.adrenatur.ch\/wp-content\/uploads\/2020\/06\/accrobranche-enfants-des-6-ans-valais1a.jpeg 1045w, https:\/\/www.adrenatur.ch\/wp-content\/uploads\/2020\/06\/accrobranche-enfants-des-6-ans-valais1a-300x146.jpeg 300w, https:\/\/www.adrenatur.ch\/wp-content\/uploads\/2020\/06\/accrobranche-enfants-des-6-ans-valais1a-1024x500.jpeg 1024w, https:\/\/www.adrenatur.ch\/wp-content\/uploads\/2020\/06\/accrobranche-enfants-des-6-ans-valais1a-768x375.jpeg 768w, https:\/\/www.adrenatur.ch\/wp-content\/uploads\/2020\/06\/accrobranche-enfants-des-6-ans-valais1a-700x342.jpeg 700w\" sizes=\"(max-width: 1045px) 100vw, 1045px\" \/><\/a><\/li><\/ul><\/div><\/div><\/div><\/div><div class=\"qode-advanced-tab-container\" id=\"tab-inclus-619\" data-icon-pack=\"\" data-icon-html=\"\">\n\t<div class=\"wpb_text_column wpb_content_element \">\n\t\t<div class=\"wpb_wrapper\">\n\t\t\t<ul style=\"list-style-type: square;\">\n<li>Mat\u00e9riel<\/li>\n<\/ul>\n\n\t\t<\/div>\n\t<\/div><\/div><div class=\"qode-advanced-tab-container\" id=\"tab-reserver-587\" data-icon-pack=\"\" data-icon-html=\"\">\n\t<div class=\"wpb_text_column wpb_content_element \">\n\t\t<div class=\"wpb_wrapper\">\n\t\t\t<p style=\"text-align: center;\"><strong>Nous appeler en cliquant sur le bouton<\/strong> <a  itemprop=\"url\" href=\"tel:+41274801010\" target=\"_blank\" data-hover-background-color=\"#dbdbdb\" data-hover-color=\"#66E432\" class=\"qbutton  medium center default\" style=\"background-color:#66E432;\">+41274801010<i class=\"qode_icon_font_awesome fa fa-phone qode_button_icon_element\"><\/i><\/a><\/p>\n\n\t\t<\/div>\n\t<\/div><\/div><\/div><div class=\"vc_empty_space\"  style=\"height: 25px\" >\n\t<span class=\"vc_empty_space_inner\">\n\t\t<span class=\"empty_space_image\"  ><\/span>\n\t<\/span>\n<\/div>\n\t<div class=\"wpb_text_column wpb_content_element \">\n\t\t<div class=\"wpb_wrapper\">\n\t\t\t<h3>Accrobranche enfants d\u00e8s 6 ans Valais<\/h3>\n\n\t\t<\/div>\n\t<\/div><\/div><\/div><\/div><\/div><\/div>\n<\/div>","protected":false},"excerpt":{"rendered":"Percorso ad alzi per bambini a partire dai 6 anni e mezzo, Vallese  Percorso verde - Junior Descrizione Foto Incluso Prenota Percorso ad alzi per bambini a partire dai 6 anni e mezzo, Vallese. Junior - Percorso verde Se hai almeno 6 anni e mezzo (accompagnato da un adulto) e sei alla ricerca di avventura, vieni a cimentarti nel...","protected":false},"author":1,"featured_media":612,"menu_order":0,"comment_status":"closed","ping_status":"closed","template":"","portfolio_category":[8],"portfolio_tag":[],"_links":{"self":[{"href":"https:\/\/www.adrenatur.ch\/it\/wp-json\/wp\/v2\/portfolio_page\/611"}],"collection":[{"href":"https:\/\/www.adrenatur.ch\/it\/wp-json\/wp\/v2\/portfolio_page"}],"about":[{"href":"https:\/\/www.adrenatur.ch\/it\/wp-json\/wp\/v2\/types\/portfolio_page"}],"author":[{"embeddable":true,"href":"https:\/\/www.adrenatur.ch\/it\/wp-json\/wp\/v2\/users\/1"}],"replies":[{"embeddable":true,"href":"https:\/\/www.adrenatur.ch\/it\/wp-json\/wp\/v2\/comments?post=611"}],"wp:featuredmedia":[{"embeddable":true,"href":"https:\/\/www.adrenatur.ch\/it\/wp-json\/wp\/v2\/media\/612"}],"wp:attachment":[{"href":"https:\/\/www.adrenatur.ch\/it\/wp-json\/wp\/v2\/media?parent=611"}],"wp:term":[{"taxonomy":"portfolio_category","embeddable":true,"href":"https:\/\/www.adrenatur.ch\/it\/wp-json\/wp\/v2\/portfolio_category?post=611"},{"taxonomy":"portfolio_tag","embeddable":true,"href":"https:\/\/www.adrenatur.ch\/it\/wp-json\/wp\/v2\/portfolio_tag?post=611"}],"curies":[{"name":"wp","href":"https:\/\/api.w.org\/{rel}","templated":true}]}}