{"id":621,"date":"2020-06-27T00:32:13","date_gmt":"2020-06-26T23:32:13","guid":{"rendered":"https:\/\/www.adrenatur.ch\/?post_type=portfolio_page&#038;p=621"},"modified":"2023-05-02T16:52:40","modified_gmt":"2023-05-02T14:52:40","slug":"parco-avventura-per-ragazzi-dai-10-anni-in-vallese","status":"publish","type":"portfolio_page","link":"https:\/\/www.adrenatur.ch\/it\/activites\/accrobranche-ados-des-10-ans-valais\/","title":{"rendered":"Percorso ad alta fune per ragazzi dai 10 anni in su nel Vallese"},"content":{"rendered":"<div class=\"wpb-content-wrapper\"><div      class=\"vc_row wpb_row section vc_row-fluid  vc_custom_1585333651294\" style=' text-align:left;'><div class=\" full_section_inner clearfix\"><div class=\"wpb_column vc_column_container vc_col-sm-12\"><div class=\"vc_column-inner\"><div class=\"wpb_wrapper\">\n\t<div class=\"wpb_text_column wpb_content_element \">\n\t\t<div class=\"wpb_wrapper\">\n\t\t\t<h2>Accrobranche Ados d\u00e8s 10 ans Valais<\/h2>\n<h3>Fun &#8211; Parcours Rouge<\/h3>\n\n\t\t<\/div>\n\t<\/div><div class=\"vc_empty_space\"  style=\"height: 25px\" >\n\t<span class=\"vc_empty_space_inner\">\n\t\t<span class=\"empty_space_image\"  ><\/span>\n\t<\/span>\n<\/div><div class=\"qode-advanced-tabs qode-advanced-tabs qode-advanced-horizontal-tab clearfix qode-advanced-tab-without-icon qode-advanced-tabs-column-4 clearfix\">\n\t<ul class=\"qode-advanced-tabs-nav\">\n\t\t\t\t\t<li>\n\t\t\t\t<h2>\n\t\t\t\t\t<a href=\"#tab-description\">\n\t\t\t\t\t\t\n\t\t\t\t\t\t\t\t\t\t\t\t\t<span class=\"qode-advanced-tab-text-after-icon\">\n\t\t\t\t\t\t\t\tDescription\t\t\t\t\t\t\t<\/span>\n\t\t\t\t\t\t\t\t\t\t\t<\/a>\n\t\t\t\t<\/h2>\n\t\t\t<\/li>\n\t\t\t\t\t<li>\n\t\t\t\t<h2>\n\t\t\t\t\t<a href=\"#tab-photos\">\n\t\t\t\t\t\t\n\t\t\t\t\t\t\t\t\t\t\t\t\t<span class=\"qode-advanced-tab-text-after-icon\">\n\t\t\t\t\t\t\t\tPhotos\t\t\t\t\t\t\t<\/span>\n\t\t\t\t\t\t\t\t\t\t\t<\/a>\n\t\t\t\t<\/h2>\n\t\t\t<\/li>\n\t\t\t\t\t<li>\n\t\t\t\t<h2>\n\t\t\t\t\t<a href=\"#tab-inclus\">\n\t\t\t\t\t\t\n\t\t\t\t\t\t\t\t\t\t\t\t\t<span class=\"qode-advanced-tab-text-after-icon\">\n\t\t\t\t\t\t\t\tInclus\t\t\t\t\t\t\t<\/span>\n\t\t\t\t\t\t\t\t\t\t\t<\/a>\n\t\t\t\t<\/h2>\n\t\t\t<\/li>\n\t\t\t\t\t<li>\n\t\t\t\t<h2>\n\t\t\t\t\t<a href=\"#tab-reserver\">\n\t\t\t\t\t\t\n\t\t\t\t\t\t\t\t\t\t\t\t\t<span class=\"qode-advanced-tab-text-after-icon\">\n\t\t\t\t\t\t\t\tR\u00e9server\t\t\t\t\t\t\t<\/span>\n\t\t\t\t\t\t\t\t\t\t\t<\/a>\n\t\t\t\t<\/h2>\n\t\t\t<\/li>\n\t\t\t<\/ul>\n\t<div class=\"qode-advanced-tab-container\" id=\"tab-description-877\" data-icon-pack=\"\" data-icon-html=\"\">\n\t<div class=\"wpb_text_column wpb_content_element \">\n\t\t<div class=\"wpb_wrapper\">\n\t\t\t<p><em><span style=\"text-decoration: underline;\"><strong>Accrobranche Ados d\u00e8s 10 ans Valais.<\/strong><\/span><\/em> Fun Forest &#8211; Parcours Rouge<\/p>\n<p>Le parcours Rouge t\u2019\u00e9l\u00e8vera jusqu&rsquo;\u00e0 9 m de haut et r\u00e9veillera l\u2019aventurier qui est en toi.<\/p>\n<p>D\u00e8s l&rsquo;\u00e2ge de 10 ans et accompagn\u00e9 d\u2019un adulte, tu t\u2019\u00e9lanceras sur les 25 postes du parcours. Ou alors tu choisiras la variante Fun 2 ou une tyrolienne de 42 m te portera vers un parcours d\u2019agilit\u00e9 pour rejoindre le sol par une tyrolienne.<\/p>\n<p><strong>Hauteur du parcours 7 \u00e0 10 m.<\/strong><\/p>\n\n\t\t<\/div>\n\t<\/div>\n\t<div class=\"wpb_text_column wpb_content_element \">\n\t\t<div class=\"wpb_wrapper\">\n\t\t\t<h3>Forfait:<\/h3>\n<p><b>1 Parcours de 1h15<\/b><\/p>\n<p>1 entr\u00e9e: 25 CHF<\/p>\n<p><b>Fun Challenge package Forfait 3h<\/b><\/p>\n<p>1 entr\u00e9e: 40 CHF (accompagnement adulte conseill\u00e9 pour les enfants de 10 ans)<\/p>\n<p>Forfait famille (min 3 pers.) 35 CHF p.p.<\/p>\n\n\t\t<\/div>\n\t<\/div>\n\t<div class=\"wpb_text_column wpb_content_element \">\n\t\t<div class=\"wpb_wrapper\">\n\t\t\t<h3>D\u00e9roulement:<\/h3>\n<p><strong>D\u00e8s 10 ans + accompagn\u00e9 d&rsquo;un adulte.<\/strong><\/p>\n<p><strong>D\u00e8s 11 ans avec un parent en surveillance au sol.<\/strong><\/p>\n\n\t\t<\/div>\n\t<\/div><\/div><div class=\"qode-advanced-tab-container\" id=\"tab-photos-860\" data-icon-pack=\"\" data-icon-html=\"\"><div class=\"wpb_gallery wpb_content_element vc_clearfix\"><div class=\"wpb_wrapper\"><div class=\"wpb_gallery_slides wpb_flexslider flexslider_fade flexslider\" data-interval=\"3\" data-flex_fx=\"fade\"><ul class=\"slides\"><li><a itemprop=\"image\" class=\"qode-prettyphoto\" href=\"https:\/\/www.adrenatur.ch\/wp-content\/uploads\/2020\/06\/accrobranche-ados-des-10-ans-valais1-1024x500.jpg\" data-rel=\"prettyPhoto[rel-621-2731010923]\"><img decoding=\"async\" width=\"1045\" height=\"510\" src=\"https:\/\/www.adrenatur.ch\/wp-content\/uploads\/2020\/06\/accrobranche-ados-des-10-ans-valais1.jpg\" class=\"attachment-full\" alt=\"Accrobranche Ados d\u00e8s 10 ans Valais\" title=\"Accrobranche Ados d\u00e8s 10 ans Valais\" srcset=\"https:\/\/www.adrenatur.ch\/wp-content\/uploads\/2020\/06\/accrobranche-ados-des-10-ans-valais1.jpg 1045w, https:\/\/www.adrenatur.ch\/wp-content\/uploads\/2020\/06\/accrobranche-ados-des-10-ans-valais1-300x146.jpg 300w, https:\/\/www.adrenatur.ch\/wp-content\/uploads\/2020\/06\/accrobranche-ados-des-10-ans-valais1-1024x500.jpg 1024w, https:\/\/www.adrenatur.ch\/wp-content\/uploads\/2020\/06\/accrobranche-ados-des-10-ans-valais1-768x375.jpg 768w, https:\/\/www.adrenatur.ch\/wp-content\/uploads\/2020\/06\/accrobranche-ados-des-10-ans-valais1-700x342.jpg 700w\" sizes=\"(max-width: 1045px) 100vw, 1045px\" \/><\/a><\/li><\/ul><\/div><\/div><\/div><\/div><div class=\"qode-advanced-tab-container\" id=\"tab-inclus-17\" data-icon-pack=\"\" data-icon-html=\"\">\n\t<div class=\"wpb_text_column wpb_content_element \">\n\t\t<div class=\"wpb_wrapper\">\n\t\t\t<ul style=\"list-style-type: square;\">\n<li>Mat\u00e9riel<\/li>\n<\/ul>\n\n\t\t<\/div>\n\t<\/div><\/div><div class=\"qode-advanced-tab-container\" id=\"tab-reserver-86\" data-icon-pack=\"\" data-icon-html=\"\">\n\t<div class=\"wpb_text_column wpb_content_element \">\n\t\t<div class=\"wpb_wrapper\">\n\t\t\t<p style=\"text-align: center;\"><strong>Nous appeler en cliquant sur le bouton<\/strong> <a  itemprop=\"url\" href=\"tel:+41274801010\" target=\"_blank\" data-hover-background-color=\"#dbdbdb\" data-hover-color=\"#66E432\" class=\"qbutton  medium center default\" style=\"background-color:#66E432;\">+41274801010<i class=\"qode_icon_font_awesome fa fa-phone qode_button_icon_element\"><\/i><\/a><\/p>\n\n\t\t<\/div>\n\t<\/div><\/div><\/div><div class=\"vc_empty_space\"  style=\"height: 25px\" >\n\t<span class=\"vc_empty_space_inner\">\n\t\t<span class=\"empty_space_image\"  ><\/span>\n\t<\/span>\n<\/div>\n\t<div class=\"wpb_text_column wpb_content_element \">\n\t\t<div class=\"wpb_wrapper\">\n\t\t\t<h3>Accrobranche Ados d\u00e8s 10 ans Valais<\/h3>\n\n\t\t<\/div>\n\t<\/div><\/div><\/div><\/div><\/div><\/div>\n<\/div>","protected":false},"excerpt":{"rendered":"Percorso ad albero per ragazzi dai 10 anni in su Valais Fun - Percorso Rosso Descrizione Foto Incluso Prenota Percorso ad albero per ragazzi dai 10 anni in su Valais. Fun Forest - Percorso Rosso Il percorso Rosso ti porter\u00e0 fino a 9 m di altezza e risveglier\u00e0 l\u2019avventuriero che \u00e8 in te. A partire dai 10 anni...","protected":false},"author":1,"featured_media":622,"menu_order":0,"comment_status":"closed","ping_status":"closed","template":"","portfolio_category":[8],"portfolio_tag":[],"_links":{"self":[{"href":"https:\/\/www.adrenatur.ch\/it\/wp-json\/wp\/v2\/portfolio_page\/621"}],"collection":[{"href":"https:\/\/www.adrenatur.ch\/it\/wp-json\/wp\/v2\/portfolio_page"}],"about":[{"href":"https:\/\/www.adrenatur.ch\/it\/wp-json\/wp\/v2\/types\/portfolio_page"}],"author":[{"embeddable":true,"href":"https:\/\/www.adrenatur.ch\/it\/wp-json\/wp\/v2\/users\/1"}],"replies":[{"embeddable":true,"href":"https:\/\/www.adrenatur.ch\/it\/wp-json\/wp\/v2\/comments?post=621"}],"wp:featuredmedia":[{"embeddable":true,"href":"https:\/\/www.adrenatur.ch\/it\/wp-json\/wp\/v2\/media\/622"}],"wp:attachment":[{"href":"https:\/\/www.adrenatur.ch\/it\/wp-json\/wp\/v2\/media?parent=621"}],"wp:term":[{"taxonomy":"portfolio_category","embeddable":true,"href":"https:\/\/www.adrenatur.ch\/it\/wp-json\/wp\/v2\/portfolio_category?post=621"},{"taxonomy":"portfolio_tag","embeddable":true,"href":"https:\/\/www.adrenatur.ch\/it\/wp-json\/wp\/v2\/portfolio_tag?post=621"}],"curies":[{"name":"wp","href":"https:\/\/api.w.org\/{rel}","templated":true}]}}